{"id":3233,"date":"2025-07-20T11:44:54","date_gmt":"2025-07-20T11:44:54","guid":{"rendered":"https:\/\/zsbarcelona.com\/?page_id=3233"},"modified":"2025-09-15T10:17:27","modified_gmt":"2025-09-15T10:17:27","slug":"serveis","status":"publish","type":"page","link":"https:\/\/zsbarcelona.com\/ca\/servicios\/","title":{"rendered":"Serveis"},"content":{"rendered":"\t\t<div data-elementor-type=\"wp-page\" data-elementor-id=\"3233\" class=\"elementor elementor-3233\" data-elementor-post-type=\"page\">\n\t\t\t\t<div class=\"elementor-element elementor-element-eb42716 e-flex e-con-boxed e-con e-parent\" data-id=\"eb42716\" data-element_type=\"container\" data-e-type=\"container\" data-settings=\"{&quot;background_background&quot;:&quot;slideshow&quot;,&quot;jet_parallax_layout_list&quot;:[],&quot;background_slideshow_gallery&quot;:[{&quot;id&quot;:3123,&quot;url&quot;:&quot;https:\\\/\\\/zsbarcelona.com\\\/wp-content\\\/uploads\\\/2025\\\/06\\\/beat-editado-scaled.jpg&quot;},{&quot;id&quot;:2635,&quot;url&quot;:&quot;https:\\\/\\\/zsbarcelona.com\\\/wp-content\\\/uploads\\\/2025\\\/05\\\/Zurich-8Web-scaled.jpg&quot;},{&quot;id&quot;:3100,&quot;url&quot;:&quot;https:\\\/\\\/zsbarcelona.com\\\/wp-content\\\/uploads\\\/2025\\\/04\\\/GOMEZ-111-scaled.jpg&quot;},{&quot;id&quot;:2668,&quot;url&quot;:&quot;https:\\\/\\\/zsbarcelona.com\\\/wp-content\\\/uploads\\\/2025\\\/05\\\/Zurich-10Web-scaled.jpg&quot;},{&quot;id&quot;:2627,&quot;url&quot;:&quot;https:\\\/\\\/zsbarcelona.com\\\/wp-content\\\/uploads\\\/2025\\\/05\\\/Zurich-4-Web-scaled.jpg&quot;},{&quot;id&quot;:3240,&quot;url&quot;:&quot;https:\\\/\\\/zsbarcelona.com\\\/wp-content\\\/uploads\\\/2025\\\/07\\\/img-servicios-comedor.jpg&quot;},{&quot;id&quot;:2642,&quot;url&quot;:&quot;https:\\\/\\\/zsbarcelona.com\\\/wp-content\\\/uploads\\\/2025\\\/05\\\/Zurich-9Web-scaled.jpg&quot;},{&quot;id&quot;:3076,&quot;url&quot;:&quot;https:\\\/\\\/zsbarcelona.com\\\/wp-content\\\/uploads\\\/2025\\\/04\\\/Zurich_50-0078.jpg&quot;}],&quot;background_slideshow_loop&quot;:&quot;yes&quot;,&quot;background_slideshow_slide_duration&quot;:5000,&quot;background_slideshow_slide_transition&quot;:&quot;fade&quot;,&quot;background_slideshow_transition_duration&quot;:500}\">\n\t\t\t\t\t<div class=\"e-con-inner\">\n\t\t\t\t<div class=\"elementor-element elementor-element-b6d30de elementor-widget elementor-widget-heading\" data-id=\"b6d30de\" data-element_type=\"widget\" data-e-type=\"widget\" data-widget_type=\"heading.default\">\n\t\t\t\t<div class=\"elementor-widget-container\">\n\t\t\t\t\t<h2 class=\"elementor-heading-title elementor-size-default\">Servicios<\/h2>\t\t\t\t<\/div>\n\t\t\t\t<\/div>\n\t\t\t\t\t<\/div>\n\t\t\t\t<\/div>\n\t\t<div class=\"elementor-element elementor-element-b03a087 e-flex e-con-boxed e-con e-parent\" data-id=\"b03a087\" data-element_type=\"container\" data-e-type=\"container\" data-settings=\"{&quot;jet_parallax_layout_list&quot;:[]}\">\n\t\t\t\t\t<div class=\"e-con-inner\">\n\t\t<a class=\"elementor-element elementor-element-83b59e9 e-con-full e-flex e-con e-child\" data-id=\"83b59e9\" data-element_type=\"container\" data-e-type=\"container\" data-settings=\"{&quot;background_background&quot;:&quot;classic&quot;,&quot;jet_parallax_layout_list&quot;:[]}\" href=\"#elementor-action%3Aaction%3Dpopup%3Aopen%26settings%3DeyJpZCI6IjM1NjQiLCJ0b2dnbGUiOmZhbHNlfQ%3D%3D\">\n\t\t\t\t<div class=\"elementor-element elementor-element-9b82195 elementor-widget elementor-widget-heading\" data-id=\"9b82195\" data-element_type=\"widget\" data-e-type=\"widget\" data-widget_type=\"heading.default\">\n\t\t\t\t<div class=\"elementor-widget-container\">\n\t\t\t\t\t<h3 class=\"elementor-heading-title elementor-size-default\">Transporte escolar<\/h3>\t\t\t\t<\/div>\n\t\t\t\t<\/div>\n\t\t\t\t<\/a>\n\t\t<a class=\"elementor-element elementor-element-909d480 e-con-full e-flex e-con e-child\" data-id=\"909d480\" data-element_type=\"container\" data-e-type=\"container\" data-settings=\"{&quot;background_background&quot;:&quot;classic&quot;,&quot;jet_parallax_layout_list&quot;:[]}\" href=\"#elementor-action%3Aaction%3Dpopup%3Aopen%26settings%3DeyJpZCI6IjM1NzIiLCJ0b2dnbGUiOmZhbHNlfQ%3D%3D\">\n\t\t\t\t<div class=\"elementor-element elementor-element-de4f680 elementor-widget elementor-widget-heading\" data-id=\"de4f680\" data-element_type=\"widget\" data-e-type=\"widget\" data-widget_type=\"heading.default\">\n\t\t\t\t<div class=\"elementor-widget-container\">\n\t\t\t\t\t<h3 class=\"elementor-heading-title elementor-size-default\">Comedor<\/h3>\t\t\t\t<\/div>\n\t\t\t\t<\/div>\n\t\t\t\t<\/a>\n\t\t<a class=\"elementor-element elementor-element-8fbfb92 e-con-full e-flex e-con e-child\" data-id=\"8fbfb92\" data-element_type=\"container\" data-e-type=\"container\" data-settings=\"{&quot;background_background&quot;:&quot;classic&quot;,&quot;jet_parallax_layout_list&quot;:[]}\" href=\"https:\/\/zsbarcelona.com\/actividades-extraescolares\/\">\n\t\t\t\t<div class=\"elementor-element elementor-element-e6ed96d elementor-widget elementor-widget-heading\" data-id=\"e6ed96d\" data-element_type=\"widget\" data-e-type=\"widget\" data-widget_type=\"heading.default\">\n\t\t\t\t<div class=\"elementor-widget-container\">\n\t\t\t\t\t<h3 class=\"elementor-heading-title elementor-size-default\">Actividades extraescolares<\/h3>\t\t\t\t<\/div>\n\t\t\t\t<\/div>\n\t\t\t\t<\/a>\n\t\t\t\t\t<\/div>\n\t\t\t\t<\/div>\n\t\t<div class=\"elementor-element elementor-element-2e84ed0 e-con-full e-flex e-con e-parent\" data-id=\"2e84ed0\" data-element_type=\"container\" data-e-type=\"container\" data-settings=\"{&quot;jet_parallax_layout_list&quot;:[]}\">\n\t\t<div class=\"elementor-element elementor-element-c8eef67 e-con-full e-flex e-con e-child\" data-id=\"c8eef67\" data-element_type=\"container\" data-e-type=\"container\" data-settings=\"{&quot;jet_parallax_layout_list&quot;:[]}\">\n\t\t\t\t<div class=\"elementor-element elementor-element-1530206 elementor-widget elementor-widget-heading\" data-id=\"1530206\" data-element_type=\"widget\" data-e-type=\"widget\" data-settings=\"{&quot;motion_fx_motion_fx_scrolling&quot;:&quot;yes&quot;,&quot;motion_fx_opacity_effect&quot;:&quot;yes&quot;,&quot;motion_fx_opacity_direction&quot;:&quot;out-in-out&quot;,&quot;motion_fx_opacity_level&quot;:{&quot;unit&quot;:&quot;px&quot;,&quot;size&quot;:10,&quot;sizes&quot;:[]},&quot;motion_fx_opacity_range&quot;:{&quot;unit&quot;:&quot;%&quot;,&quot;size&quot;:&quot;&quot;,&quot;sizes&quot;:{&quot;start&quot;:20,&quot;end&quot;:80}},&quot;motion_fx_devices&quot;:[&quot;desktop&quot;,&quot;tablet&quot;,&quot;mobile&quot;]}\" data-widget_type=\"heading.default\">\n\t\t\t\t<div class=\"elementor-widget-container\">\n\t\t\t\t\t<h2 class=\"elementor-heading-title elementor-size-default\">Nuestra escuela, contada por quienes la viven<\/h2>\t\t\t\t<\/div>\n\t\t\t\t<\/div>\n\t\t\t\t<div class=\"elementor-element elementor-element-d2d9fe5 elementor-widget elementor-widget-text-editor\" data-id=\"d2d9fe5\" data-element_type=\"widget\" data-e-type=\"widget\" data-settings=\"{&quot;motion_fx_motion_fx_scrolling&quot;:&quot;yes&quot;,&quot;motion_fx_opacity_effect&quot;:&quot;yes&quot;,&quot;motion_fx_opacity_direction&quot;:&quot;out-in-out&quot;,&quot;motion_fx_opacity_level&quot;:{&quot;unit&quot;:&quot;px&quot;,&quot;size&quot;:10,&quot;sizes&quot;:[]},&quot;motion_fx_opacity_range&quot;:{&quot;unit&quot;:&quot;%&quot;,&quot;size&quot;:&quot;&quot;,&quot;sizes&quot;:{&quot;start&quot;:20,&quot;end&quot;:80}},&quot;motion_fx_devices&quot;:[&quot;desktop&quot;,&quot;tablet&quot;,&quot;mobile&quot;]}\" data-widget_type=\"text-editor.default\">\n\t\t\t\t<div class=\"elementor-widget-container\">\n\t\t\t\t\t\t\t\t\t<p data-start=\"615\" data-end=\"692\"><span class=\"_fadeIn_m1hgl_8\">\u00bf<\/span><span class=\"_fadeIn_m1hgl_8\">Se <\/span><span class=\"_fadeIn_m1hgl_8\">puede <\/span><span class=\"_fadeIn_m1hgl_8\">describir <\/span><span class=\"_fadeIn_m1hgl_8\">una <\/span><span class=\"_fadeIn_m1hgl_8\">escuela <\/span><span class=\"_fadeIn_m1hgl_8\">en <\/span><span class=\"_fadeIn_m1hgl_8\">una <\/span><span class=\"_fadeIn_m1hgl_8\">sola <\/span><span class=\"_fadeIn_m1hgl_8\">palabra? <\/span><span class=\"_fadeIn_m1hgl_8\">Nosotros <\/span><span class=\"_fadeIn_m1hgl_8\">creemos <\/span><span class=\"_fadeIn_m1hgl_8\">que <\/span><span class=\"_fadeIn_m1hgl_8\">s\u00ed. <\/span><span class=\"_fadeIn_m1hgl_8\">En <\/span><span class=\"_fadeIn_m1hgl_8\">este <\/span><span class=\"_fadeIn_m1hgl_8\">video <\/span><span class=\"_fadeIn_m1hgl_8\">especial, <\/span><span class=\"_fadeIn_m1hgl_8\">alumnos, <\/span><span class=\"_fadeIn_m1hgl_8\">profesores <\/span><span class=\"_fadeIn_m1hgl_8\">y <\/span><span class=\"_fadeIn_m1hgl_8\">exalumnos <\/span><span class=\"_fadeIn_m1hgl_8\">del <\/span><span class=\"_fadeIn_m1hgl_8\">Colegio <\/span><span class=\"_fadeIn_m1hgl_8\">Alem\u00e1n <\/span><span class=\"_fadeIn_m1hgl_8\">Internacional <\/span><span class=\"_fadeIn_m1hgl_8\">en <\/span><span class=\"_fadeIn_m1hgl_8\">Barcelona <\/span><span class=\"_fadeIn_m1hgl_8\">comparten <\/span><span class=\"_fadeIn_m1hgl_8\">lo <\/span><span class=\"_fadeIn_m1hgl_8\">que <\/span><span class=\"_fadeIn_m1hgl_8\">esta <\/span><span class=\"_fadeIn_m1hgl_8\">escuela <\/span><span class=\"_fadeIn_m1hgl_8\">significa <\/span><span class=\"_fadeIn_m1hgl_8\">para <\/span><span class=\"_fadeIn_m1hgl_8\">ellos.\u00a0<\/span><\/p><p data-start=\"937\" data-end=\"1139\"><span class=\"_fadeIn_m1hgl_8\">Estas <\/span><span class=\"_fadeIn_m1hgl_8\">voces <\/span><span class=\"_fadeIn_m1hgl_8\">cuentan <\/span><span class=\"_fadeIn_m1hgl_8\">m\u00e1s <\/span><span class=\"_fadeIn_m1hgl_8\">que <\/span><span class=\"_fadeIn_m1hgl_8\">cualquier <\/span><span class=\"_fadeIn_m1hgl_8\">folleto. <\/span><span class=\"_fadeIn_m1hgl_8\">Reflejan <\/span><span class=\"_fadeIn_m1hgl_8\">el <\/span><span class=\"_fadeIn_m1hgl_8\">ambiente <\/span><span class=\"_fadeIn_m1hgl_8\">cercano <\/span><span class=\"_fadeIn_m1hgl_8\">y <\/span><span class=\"_fadeIn_m1hgl_8\">humano <\/span><span class=\"_fadeIn_m1hgl_8\">que <\/span><span class=\"_fadeIn_m1hgl_8\">vivimos <\/span><span class=\"_fadeIn_m1hgl_8\">cada <\/span><span class=\"_fadeIn_m1hgl_8\">d\u00eda, <\/span><span class=\"_fadeIn_m1hgl_8\">donde <\/span><span class=\"_fadeIn_m1hgl_8\">el <\/span><span class=\"_fadeIn_m1hgl_8\">aprendizaje <\/span><span class=\"_fadeIn_m1hgl_8\">va <\/span><span class=\"_fadeIn_m1hgl_8\">m\u00e1s <\/span><span class=\"_fadeIn_m1hgl_8\">all\u00e1 <\/span><span class=\"_fadeIn_m1hgl_8\">del <\/span><span class=\"_fadeIn_m1hgl_8\">aula, <\/span><span class=\"_fadeIn_m1hgl_8\">y <\/span><span class=\"_fadeIn_m1hgl_8\">el <\/span><span class=\"_fadeIn_m1hgl_8\">crecimiento <\/span><span class=\"_fadeIn_m1hgl_8\">es <\/span><span class=\"_fadeIn_m1hgl_8\">personal, <\/span><span class=\"_fadeIn_m1hgl_8\">emocional <\/span><span class=\"_fadeIn_m1hgl_8\">y <\/span><span class=\"_fadeIn_m1hgl_8\">acad\u00e9mico.<\/span><\/p><p data-start=\"1141\" data-end=\"1201\"><span class=\"_fadeIn_m1hgl_8\">Te <\/span><span class=\"_fadeIn_m1hgl_8\">invitamos <\/span><span class=\"_fadeIn_m1hgl_8\">a <\/span><span class=\"_fadeIn_m1hgl_8\">ver <\/span><span class=\"_fadeIn_m1hgl_8\">el <\/span><span class=\"_fadeIn_m1hgl_8\">video <\/span><span class=\"_fadeIn_m1hgl_8\">y <\/span><span class=\"_fadeIn_m1hgl_8\">sentir <\/span><span class=\"_fadeIn_m1hgl_8\">lo <\/span><span class=\"_fadeIn_m1hgl_8\">que <\/span><span class=\"_fadeIn_m1hgl_8\">nos <\/span><span class=\"_fadeIn_m1hgl_8\">hace <\/span><span class=\"_fadeIn_m1hgl_8\">\u00fanicos.<\/span><\/p>\t\t\t\t\t\t\t\t<\/div>\n\t\t\t\t<\/div>\n\t\t\t\t<\/div>\n\t\t<div class=\"elementor-element elementor-element-d022074 e-con-full e-flex e-con e-child\" data-id=\"d022074\" data-element_type=\"container\" data-e-type=\"container\" data-settings=\"{&quot;jet_parallax_layout_list&quot;:[]}\">\n\t\t\t\t<div class=\"elementor-element elementor-element-f41149c elementor-widget elementor-widget-video\" data-id=\"f41149c\" data-element_type=\"widget\" data-e-type=\"widget\" data-settings=\"{&quot;youtube_url&quot;:&quot;https:\\\/\\\/www.youtube.com\\\/watch?v=7cxKA8kyonI&quot;,&quot;video_type&quot;:&quot;youtube&quot;,&quot;controls&quot;:&quot;yes&quot;}\" data-widget_type=\"video.default\">\n\t\t\t\t<div class=\"elementor-widget-container\">\n\t\t\t\t\t\t\t<div class=\"elementor-wrapper elementor-open-inline\">\n\t\t\t<div class=\"elementor-video\"><\/div>\t\t<\/div>\n\t\t\t\t\t\t<\/div>\n\t\t\t\t<\/div>\n\t\t\t\t<\/div>\n\t\t\t\t<\/div>\n\t\t<div class=\"elementor-element elementor-element-7ac3b85 e-flex e-con-boxed e-con e-parent\" data-id=\"7ac3b85\" data-element_type=\"container\" data-e-type=\"container\" data-settings=\"{&quot;jet_parallax_layout_list&quot;:[]}\">\n\t\t\t\t\t<div class=\"e-con-inner\">\n\t\t<div class=\"elementor-element elementor-element-2a380c3 e-con-full e-flex e-con e-child\" data-id=\"2a380c3\" data-element_type=\"container\" data-e-type=\"container\" data-settings=\"{&quot;jet_parallax_layout_list&quot;:[]}\">\n\t\t\t\t<div class=\"elementor-element elementor-element-fcd18fa elementor-widget elementor-widget-heading\" data-id=\"fcd18fa\" data-element_type=\"widget\" data-e-type=\"widget\" data-settings=\"{&quot;motion_fx_motion_fx_scrolling&quot;:&quot;yes&quot;,&quot;motion_fx_opacity_effect&quot;:&quot;yes&quot;,&quot;motion_fx_opacity_direction&quot;:&quot;out-in-out&quot;,&quot;motion_fx_opacity_level&quot;:{&quot;unit&quot;:&quot;px&quot;,&quot;size&quot;:10,&quot;sizes&quot;:[]},&quot;motion_fx_opacity_range&quot;:{&quot;unit&quot;:&quot;%&quot;,&quot;size&quot;:&quot;&quot;,&quot;sizes&quot;:{&quot;start&quot;:20,&quot;end&quot;:80}},&quot;motion_fx_devices&quot;:[&quot;desktop&quot;,&quot;tablet&quot;,&quot;mobile&quot;]}\" data-widget_type=\"heading.default\">\n\t\t\t\t<div class=\"elementor-widget-container\">\n\t\t\t\t\t<h2 class=\"elementor-heading-title elementor-size-default\">Preguntas Frecuentes (FAQs)<\/h2>\t\t\t\t<\/div>\n\t\t\t\t<\/div>\n\t\t\t\t<div class=\"elementor-element elementor-element-ba45734 elementor-widget elementor-widget-text-editor\" data-id=\"ba45734\" data-element_type=\"widget\" data-e-type=\"widget\" data-settings=\"{&quot;motion_fx_motion_fx_scrolling&quot;:&quot;yes&quot;,&quot;motion_fx_opacity_effect&quot;:&quot;yes&quot;,&quot;motion_fx_opacity_direction&quot;:&quot;out-in-out&quot;,&quot;motion_fx_opacity_level&quot;:{&quot;unit&quot;:&quot;px&quot;,&quot;size&quot;:10,&quot;sizes&quot;:[]},&quot;motion_fx_opacity_range&quot;:{&quot;unit&quot;:&quot;%&quot;,&quot;size&quot;:&quot;&quot;,&quot;sizes&quot;:{&quot;start&quot;:20,&quot;end&quot;:80}},&quot;motion_fx_devices&quot;:[&quot;desktop&quot;,&quot;tablet&quot;,&quot;mobile&quot;]}\" data-widget_type=\"text-editor.default\">\n\t\t\t\t<div class=\"elementor-widget-container\">\n\t\t\t\t\t\t\t\t\t<p>Entendemos que elegir el futuro educativo de tus hijos genera preguntas. Para ayudarte a conocer todos los detalles sobre nuestro <strong>Colegio Alem\u00e1n Internacional en Barcelona<\/strong>, hemos reunido aqu\u00ed las consultas m\u00e1s frecuentes que recibimos de las familias. \u00a1Esperamos que te sean de utilidad!<\/p>\t\t\t\t\t\t\t\t<\/div>\n\t\t\t\t<\/div>\n\t\t\t\t<div class=\"elementor-element elementor-element-00885c3 elementor-widget elementor-widget-image\" data-id=\"00885c3\" data-element_type=\"widget\" data-e-type=\"widget\" data-widget_type=\"image.default\">\n\t\t\t\t<div class=\"elementor-widget-container\">\n\t\t\t\t\t\t\t\t\t\t\t\t\t\t\t<img fetchpriority=\"high\" decoding=\"async\" width=\"768\" height=\"432\" src=\"https:\/\/zsbarcelona.com\/wp-content\/uploads\/2025\/05\/Zurich-13Web-1-768x432.jpg\" class=\"attachment-medium_large size-medium_large wp-image-2677\" alt=\"\" srcset=\"https:\/\/zsbarcelona.com\/wp-content\/uploads\/2025\/05\/Zurich-13Web-1-768x432.jpg 768w, https:\/\/zsbarcelona.com\/wp-content\/uploads\/2025\/05\/Zurich-13Web-1-300x169.jpg 300w, https:\/\/zsbarcelona.com\/wp-content\/uploads\/2025\/05\/Zurich-13Web-1-1024x576.jpg 1024w, https:\/\/zsbarcelona.com\/wp-content\/uploads\/2025\/05\/Zurich-13Web-1-1536x864.jpg 1536w, https:\/\/zsbarcelona.com\/wp-content\/uploads\/2025\/05\/Zurich-13Web-1-2048x1152.jpg 2048w\" sizes=\"(max-width: 768px) 100vw, 768px\" \/>\t\t\t\t\t\t\t\t\t\t\t\t\t\t\t<\/div>\n\t\t\t\t<\/div>\n\t\t\t\t<\/div>\n\t\t<div class=\"elementor-element elementor-element-34c0729 e-con-full e-flex e-con e-child\" data-id=\"34c0729\" data-element_type=\"container\" data-e-type=\"container\" data-settings=\"{&quot;jet_parallax_layout_list&quot;:[]}\">\n\t\t\t\t<div class=\"elementor-element elementor-element-e3bb583 elementor-widget elementor-widget-n-accordion\" data-id=\"e3bb583\" data-element_type=\"widget\" data-e-type=\"widget\" data-settings=\"{&quot;default_state&quot;:&quot;all_collapsed&quot;,&quot;max_items_expended&quot;:&quot;one&quot;,&quot;n_accordion_animation_duration&quot;:{&quot;unit&quot;:&quot;ms&quot;,&quot;size&quot;:400,&quot;sizes&quot;:[]}}\" data-widget_type=\"nested-accordion.default\">\n\t\t\t\t<div class=\"elementor-widget-container\">\n\t\t\t\t\t\t\t<div class=\"e-n-accordion\" aria-label=\"Accordion. Open links with Enter or Space, close with Escape, and navigate with Arrow Keys\">\n\t\t\t\t\t\t<details id=\"e-n-accordion-item-2380\" class=\"e-n-accordion-item\" >\n\t\t\t\t<summary class=\"e-n-accordion-item-title\" data-accordion-index=\"1\" tabindex=\"0\" aria-expanded=\"false\" aria-controls=\"e-n-accordion-item-2380\" >\n\t\t\t\t\t<span class='e-n-accordion-item-title-header'><h3 class=\"e-n-accordion-item-title-text\"> \u00bfCu\u00e1l es el idioma principal de ense\u00f1anza en el colegio alem\u00e1n internacional ZSB en Barcelona? <\/h3><\/span>\n\t\t\t\t\t\t\t<span class='e-n-accordion-item-title-icon'>\n\t\t\t<span class='e-opened' ><svg aria-hidden=\"true\" class=\"e-font-icon-svg e-fas-minus\" viewBox=\"0 0 448 512\" xmlns=\"http:\/\/www.w3.org\/2000\/svg\"><path d=\"M416 208H32c-17.67 0-32 14.33-32 32v32c0 17.67 14.33 32 32 32h384c17.67 0 32-14.33 32-32v-32c0-17.67-14.33-32-32-32z\"><\/path><\/svg><\/span>\n\t\t\t<span class='e-closed'><svg aria-hidden=\"true\" class=\"e-font-icon-svg e-fas-plus\" viewBox=\"0 0 448 512\" xmlns=\"http:\/\/www.w3.org\/2000\/svg\"><path d=\"M416 208H272V64c0-17.67-14.33-32-32-32h-32c-17.67 0-32 14.33-32 32v144H32c-17.67 0-32 14.33-32 32v32c0 17.67 14.33 32 32 32h144v144c0 17.67 14.33 32 32 32h32c17.67 0 32-14.33 32-32V304h144c17.67 0 32-14.33 32-32v-32c0-17.67-14.33-32-32-32z\"><\/path><\/svg><\/span>\n\t\t<\/span>\n\n\t\t\t\t\t\t<\/summary>\n\t\t\t\t<div role=\"region\" aria-labelledby=\"e-n-accordion-item-2380\" class=\"elementor-element elementor-element-ad78e88 e-con-full e-flex e-con e-child\" data-id=\"ad78e88\" data-element_type=\"container\" data-e-type=\"container\" data-settings=\"{&quot;jet_parallax_layout_list&quot;:[]}\">\n\t\t\t\t<div class=\"elementor-element elementor-element-61dd8e6 elementor-widget elementor-widget-text-editor\" data-id=\"61dd8e6\" data-element_type=\"widget\" data-e-type=\"widget\" data-widget_type=\"text-editor.default\">\n\t\t\t\t<div class=\"elementor-widget-container\">\n\t\t\t\t\t\t\t\t\t<p class=\"ng-star-inserted\">El <strong data-start=\"399\" data-end=\"409\">alem\u00e1n<\/strong> es la lengua vehicular en todas las etapas educativas del <strong data-start=\"468\" data-end=\"490\">colegio alem\u00e1n ZSB<\/strong>, desde Infantil hasta Secundaria. Se promueve una inmersi\u00f3n completa en alem\u00e1n, complementada con la ense\u00f1anza progresiva de espa\u00f1ol, catal\u00e1n e ingl\u00e9s. Al finalizar la etapa escolar, los alumnos alcanzan un nivel C1 en alem\u00e1n y al menos un B2 en ingl\u00e9s, certificados por el Goethe-Institut y Trinity College London, respectivamente.<\/p>\t\t\t\t\t\t\t\t<\/div>\n\t\t\t\t<\/div>\n\t\t\t\t<\/div>\n\t\t\t\t\t<\/details>\n\t\t\t\t\t\t<details id=\"e-n-accordion-item-2381\" class=\"e-n-accordion-item\" >\n\t\t\t\t<summary class=\"e-n-accordion-item-title\" data-accordion-index=\"2\" tabindex=\"-1\" aria-expanded=\"false\" aria-controls=\"e-n-accordion-item-2381\" >\n\t\t\t\t\t<span class='e-n-accordion-item-title-header'><h3 class=\"e-n-accordion-item-title-text\"> \u00bfEs necesario que mi hijo hable alem\u00e1n o espa\u00f1ol para ser admitido en el colegio alem\u00e1n ZSB? <\/h3><\/span>\n\t\t\t\t\t\t\t<span class='e-n-accordion-item-title-icon'>\n\t\t\t<span class='e-opened' ><svg aria-hidden=\"true\" class=\"e-font-icon-svg e-fas-minus\" viewBox=\"0 0 448 512\" xmlns=\"http:\/\/www.w3.org\/2000\/svg\"><path d=\"M416 208H32c-17.67 0-32 14.33-32 32v32c0 17.67 14.33 32 32 32h384c17.67 0 32-14.33 32-32v-32c0-17.67-14.33-32-32-32z\"><\/path><\/svg><\/span>\n\t\t\t<span class='e-closed'><svg aria-hidden=\"true\" class=\"e-font-icon-svg e-fas-plus\" viewBox=\"0 0 448 512\" xmlns=\"http:\/\/www.w3.org\/2000\/svg\"><path d=\"M416 208H272V64c0-17.67-14.33-32-32-32h-32c-17.67 0-32 14.33-32 32v144H32c-17.67 0-32 14.33-32 32v32c0 17.67 14.33 32 32 32h144v144c0 17.67 14.33 32 32 32h32c17.67 0 32-14.33 32-32V304h144c17.67 0 32-14.33 32-32v-32c0-17.67-14.33-32-32-32z\"><\/path><\/svg><\/span>\n\t\t<\/span>\n\n\t\t\t\t\t\t<\/summary>\n\t\t\t\t<div role=\"region\" aria-labelledby=\"e-n-accordion-item-2381\" class=\"elementor-element elementor-element-c3187fc e-con-full e-flex e-con e-child\" data-id=\"c3187fc\" data-element_type=\"container\" data-e-type=\"container\" data-settings=\"{&quot;jet_parallax_layout_list&quot;:[]}\">\n\t\t\t\t<div class=\"elementor-element elementor-element-e3f3ef9 elementor-widget elementor-widget-text-editor\" data-id=\"e3f3ef9\" data-element_type=\"widget\" data-e-type=\"widget\" data-widget_type=\"text-editor.default\">\n\t\t\t\t<div class=\"elementor-widget-container\">\n\t\t\t\t\t\t\t\t\t<p class=\"ng-star-inserted\">Para ingresar a partir de 1\u00ba de Primaria en nuestro <strong data-start=\"977\" data-end=\"1022\">colegio alem\u00e1n internacional en Barcelona<\/strong>, se requiere un conocimiento b\u00e1sico de alem\u00e1n y espa\u00f1ol. Si el estudiante no dispone de estas competencias, podr\u00e1 adquirirlas mediante cursos de inmersi\u00f3n recomendados por la escuela. El <strong data-start=\"1210\" data-end=\"1232\">colegio alem\u00e1n ZSB<\/strong> ofrece apoyo ling\u00fc\u00edstico personalizado para facilitar la integraci\u00f3n.<\/p>\t\t\t\t\t\t\t\t<\/div>\n\t\t\t\t<\/div>\n\t\t\t\t<\/div>\n\t\t\t\t\t<\/details>\n\t\t\t\t\t\t<details id=\"e-n-accordion-item-2382\" class=\"e-n-accordion-item\" >\n\t\t\t\t<summary class=\"e-n-accordion-item-title\" data-accordion-index=\"3\" tabindex=\"-1\" aria-expanded=\"false\" aria-controls=\"e-n-accordion-item-2382\" >\n\t\t\t\t\t<span class='e-n-accordion-item-title-header'><h3 class=\"e-n-accordion-item-title-text\"> \u00bfQu\u00e9 programas educativos ofrece el colegio alem\u00e1n internacional ZSB? <\/h3><\/span>\n\t\t\t\t\t\t\t<span class='e-n-accordion-item-title-icon'>\n\t\t\t<span class='e-opened' ><svg aria-hidden=\"true\" class=\"e-font-icon-svg e-fas-minus\" viewBox=\"0 0 448 512\" xmlns=\"http:\/\/www.w3.org\/2000\/svg\"><path d=\"M416 208H32c-17.67 0-32 14.33-32 32v32c0 17.67 14.33 32 32 32h384c17.67 0 32-14.33 32-32v-32c0-17.67-14.33-32-32-32z\"><\/path><\/svg><\/span>\n\t\t\t<span class='e-closed'><svg aria-hidden=\"true\" class=\"e-font-icon-svg e-fas-plus\" viewBox=\"0 0 448 512\" xmlns=\"http:\/\/www.w3.org\/2000\/svg\"><path d=\"M416 208H272V64c0-17.67-14.33-32-32-32h-32c-17.67 0-32 14.33-32 32v144H32c-17.67 0-32 14.33-32 32v32c0 17.67 14.33 32 32 32h144v144c0 17.67 14.33 32 32 32h32c17.67 0 32-14.33 32-32V304h144c17.67 0 32-14.33 32-32v-32c0-17.67-14.33-32-32-32z\"><\/path><\/svg><\/span>\n\t\t<\/span>\n\n\t\t\t\t\t\t<\/summary>\n\t\t\t\t<div role=\"region\" aria-labelledby=\"e-n-accordion-item-2382\" class=\"elementor-element elementor-element-6059fdc e-con-full e-flex e-con e-child\" data-id=\"6059fdc\" data-element_type=\"container\" data-e-type=\"container\" data-settings=\"{&quot;jet_parallax_layout_list&quot;:[]}\">\n\t\t\t\t<div class=\"elementor-element elementor-element-09a50f0 elementor-widget elementor-widget-text-editor\" data-id=\"09a50f0\" data-element_type=\"widget\" data-e-type=\"widget\" data-widget_type=\"text-editor.default\">\n\t\t\t\t<div class=\"elementor-widget-container\">\n\t\t\t\t\t\t\t\t\t<p class=\"ng-star-inserted\">El <strong data-start=\"1384\" data-end=\"1433\">colegio alem\u00e1n internacional ZSB en Barcelona<\/strong> implementa los programas del Bachillerato Internacional (IB), incluyendo el Programa de la Escuela Primaria (PEP) y el Programa de los A\u00f1os Intermedios (PAI). Estos fomentan el pensamiento cr\u00edtico, la indagaci\u00f3n y una mentalidad global en los estudiantes.<\/p>\t\t\t\t\t\t\t\t<\/div>\n\t\t\t\t<\/div>\n\t\t\t\t<\/div>\n\t\t\t\t\t<\/details>\n\t\t\t\t\t\t<details id=\"e-n-accordion-item-2383\" class=\"e-n-accordion-item\" >\n\t\t\t\t<summary class=\"e-n-accordion-item-title\" data-accordion-index=\"4\" tabindex=\"-1\" aria-expanded=\"false\" aria-controls=\"e-n-accordion-item-2383\" >\n\t\t\t\t\t<span class='e-n-accordion-item-title-header'><h3 class=\"e-n-accordion-item-title-text\"> \u00bfCu\u00e1l es la edad m\u00ednima para ingresar al colegio? <\/h3><\/span>\n\t\t\t\t\t\t\t<span class='e-n-accordion-item-title-icon'>\n\t\t\t<span class='e-opened' ><svg aria-hidden=\"true\" class=\"e-font-icon-svg e-fas-minus\" viewBox=\"0 0 448 512\" xmlns=\"http:\/\/www.w3.org\/2000\/svg\"><path d=\"M416 208H32c-17.67 0-32 14.33-32 32v32c0 17.67 14.33 32 32 32h384c17.67 0 32-14.33 32-32v-32c0-17.67-14.33-32-32-32z\"><\/path><\/svg><\/span>\n\t\t\t<span class='e-closed'><svg aria-hidden=\"true\" class=\"e-font-icon-svg e-fas-plus\" viewBox=\"0 0 448 512\" xmlns=\"http:\/\/www.w3.org\/2000\/svg\"><path d=\"M416 208H272V64c0-17.67-14.33-32-32-32h-32c-17.67 0-32 14.33-32 32v144H32c-17.67 0-32 14.33-32 32v32c0 17.67 14.33 32 32 32h144v144c0 17.67 14.33 32 32 32h32c17.67 0 32-14.33 32-32V304h144c17.67 0 32-14.33 32-32v-32c0-17.67-14.33-32-32-32z\"><\/path><\/svg><\/span>\n\t\t<\/span>\n\n\t\t\t\t\t\t<\/summary>\n\t\t\t\t<div role=\"region\" aria-labelledby=\"e-n-accordion-item-2383\" class=\"elementor-element elementor-element-98beab1 e-con-full e-flex e-con e-child\" data-id=\"98beab1\" data-element_type=\"container\" data-e-type=\"container\" data-settings=\"{&quot;jet_parallax_layout_list&quot;:[]}\">\n\t\t\t\t<div class=\"elementor-element elementor-element-11df3c7 elementor-widget elementor-widget-text-editor\" data-id=\"11df3c7\" data-element_type=\"widget\" data-e-type=\"widget\" data-widget_type=\"text-editor.default\">\n\t\t\t\t<div class=\"elementor-widget-container\">\n\t\t\t\t\t\t\t\t\t<p class=\"\" data-start=\"1748\" data-end=\"1949\">El <strong data-start=\"1751\" data-end=\"1773\">colegio alem\u00e1n ZSB<\/strong> acepta alumnos desde los 2 a\u00f1os en el nivel KleinesZ\u00fcrich. A partir de los 3 a\u00f1os, los ni\u00f1os ingresan a Educaci\u00f3n Infantil, donde se inicia su inmersi\u00f3n ling\u00fc\u00edstica en alem\u00e1n.<\/p><h3 class=\"\" data-start=\"1951\" data-end=\"2014\">\u00a0<\/h3>\t\t\t\t\t\t\t\t<\/div>\n\t\t\t\t<\/div>\n\t\t\t\t<\/div>\n\t\t\t\t\t<\/details>\n\t\t\t\t\t\t<details id=\"e-n-accordion-item-2384\" class=\"e-n-accordion-item\" >\n\t\t\t\t<summary class=\"e-n-accordion-item-title\" data-accordion-index=\"5\" tabindex=\"-1\" aria-expanded=\"false\" aria-controls=\"e-n-accordion-item-2384\" >\n\t\t\t\t\t<span class='e-n-accordion-item-title-header'><h3 class=\"e-n-accordion-item-title-text\"> \u00bfCu\u00e1ntos alumnos hay por clase en el colegio alem\u00e1n ZSB? <\/h3><\/span>\n\t\t\t\t\t\t\t<span class='e-n-accordion-item-title-icon'>\n\t\t\t<span class='e-opened' ><svg aria-hidden=\"true\" class=\"e-font-icon-svg e-fas-minus\" viewBox=\"0 0 448 512\" xmlns=\"http:\/\/www.w3.org\/2000\/svg\"><path d=\"M416 208H32c-17.67 0-32 14.33-32 32v32c0 17.67 14.33 32 32 32h384c17.67 0 32-14.33 32-32v-32c0-17.67-14.33-32-32-32z\"><\/path><\/svg><\/span>\n\t\t\t<span class='e-closed'><svg aria-hidden=\"true\" class=\"e-font-icon-svg e-fas-plus\" viewBox=\"0 0 448 512\" xmlns=\"http:\/\/www.w3.org\/2000\/svg\"><path d=\"M416 208H272V64c0-17.67-14.33-32-32-32h-32c-17.67 0-32 14.33-32 32v144H32c-17.67 0-32 14.33-32 32v32c0 17.67 14.33 32 32 32h144v144c0 17.67 14.33 32 32 32h32c17.67 0 32-14.33 32-32V304h144c17.67 0 32-14.33 32-32v-32c0-17.67-14.33-32-32-32z\"><\/path><\/svg><\/span>\n\t\t<\/span>\n\n\t\t\t\t\t\t<\/summary>\n\t\t\t\t<div role=\"region\" aria-labelledby=\"e-n-accordion-item-2384\" class=\"elementor-element elementor-element-a8864d5 e-con-full e-flex e-con e-child\" data-id=\"a8864d5\" data-element_type=\"container\" data-e-type=\"container\" data-settings=\"{&quot;jet_parallax_layout_list&quot;:[]}\">\n\t\t\t\t<div class=\"elementor-element elementor-element-250191e elementor-widget elementor-widget-text-editor\" data-id=\"250191e\" data-element_type=\"widget\" data-e-type=\"widget\" data-widget_type=\"text-editor.default\">\n\t\t\t\t<div class=\"elementor-widget-container\">\n\t\t\t\t\t\t\t\t\t<p class=\"\" data-start=\"1748\" data-end=\"1949\">El <strong data-start=\"2018\" data-end=\"2063\">colegio alem\u00e1n internacional en Barcelona ZSB<\/strong> mantiene grupos reducidos para asegurar una atenci\u00f3n personalizada. En promedio, hay entre 22 y 24 estudiantes por clase, mientras que en Educaci\u00f3n Infantil los grupos son de 10 a 12 alumnos con dos educadores por nivel.<\/p>\t\t\t\t\t\t\t\t<\/div>\n\t\t\t\t<\/div>\n\t\t\t\t<\/div>\n\t\t\t\t\t<\/details>\n\t\t\t\t\t\t<details id=\"e-n-accordion-item-2385\" class=\"e-n-accordion-item\" >\n\t\t\t\t<summary class=\"e-n-accordion-item-title\" data-accordion-index=\"6\" tabindex=\"-1\" aria-expanded=\"false\" aria-controls=\"e-n-accordion-item-2385\" >\n\t\t\t\t\t<span class='e-n-accordion-item-title-header'><h3 class=\"e-n-accordion-item-title-text\"> \u00bfQu\u00e9 actividades extracurriculares ofrece este colegio alem\u00e1n en Barcelona? <\/h3><\/span>\n\t\t\t\t\t\t\t<span class='e-n-accordion-item-title-icon'>\n\t\t\t<span class='e-opened' ><svg aria-hidden=\"true\" class=\"e-font-icon-svg e-fas-minus\" viewBox=\"0 0 448 512\" xmlns=\"http:\/\/www.w3.org\/2000\/svg\"><path d=\"M416 208H32c-17.67 0-32 14.33-32 32v32c0 17.67 14.33 32 32 32h384c17.67 0 32-14.33 32-32v-32c0-17.67-14.33-32-32-32z\"><\/path><\/svg><\/span>\n\t\t\t<span class='e-closed'><svg aria-hidden=\"true\" class=\"e-font-icon-svg e-fas-plus\" viewBox=\"0 0 448 512\" xmlns=\"http:\/\/www.w3.org\/2000\/svg\"><path d=\"M416 208H272V64c0-17.67-14.33-32-32-32h-32c-17.67 0-32 14.33-32 32v144H32c-17.67 0-32 14.33-32 32v32c0 17.67 14.33 32 32 32h144v144c0 17.67 14.33 32 32 32h32c17.67 0 32-14.33 32-32V304h144c17.67 0 32-14.33 32-32v-32c0-17.67-14.33-32-32-32z\"><\/path><\/svg><\/span>\n\t\t<\/span>\n\n\t\t\t\t\t\t<\/summary>\n\t\t\t\t<div role=\"region\" aria-labelledby=\"e-n-accordion-item-2385\" class=\"elementor-element elementor-element-b1acceb e-con-full e-flex e-con e-child\" data-id=\"b1acceb\" data-element_type=\"container\" data-e-type=\"container\" data-settings=\"{&quot;jet_parallax_layout_list&quot;:[]}\">\n\t\t\t\t<div class=\"elementor-element elementor-element-ec42d33 elementor-widget elementor-widget-text-editor\" data-id=\"ec42d33\" data-element_type=\"widget\" data-e-type=\"widget\" data-widget_type=\"text-editor.default\">\n\t\t\t\t<div class=\"elementor-widget-container\">\n\t\t\t\t\t\t\t\t\t<p class=\"\" data-start=\"1748\" data-end=\"1949\">El <strong data-start=\"1751\" data-end=\"1773\">colegio alem\u00e1n ZSB<\/strong> acepta alumnos desde los 2 a\u00f1os en el nivel KleinesZ\u00fcrich. A partir de los 3 a\u00f1os, los ni\u00f1os ingresan a Educaci\u00f3n Infantil, donde se inicia su inmersi\u00f3n ling\u00fc\u00edstica en alem\u00e1n.<\/p><h3 class=\"\" data-start=\"1951\" data-end=\"2014\">\u00a0<\/h3>\t\t\t\t\t\t\t\t<\/div>\n\t\t\t\t<\/div>\n\t\t\t\t<\/div>\n\t\t\t\t\t<\/details>\n\t\t\t\t\t\t<details id=\"e-n-accordion-item-2386\" class=\"e-n-accordion-item\" >\n\t\t\t\t<summary class=\"e-n-accordion-item-title\" data-accordion-index=\"7\" tabindex=\"-1\" aria-expanded=\"false\" aria-controls=\"e-n-accordion-item-2386\" >\n\t\t\t\t\t<span class='e-n-accordion-item-title-header'><h3 class=\"e-n-accordion-item-title-text\"> \u00bfC\u00f3mo se integra la tecnolog\u00eda en el colegio alem\u00e1n ZSB? <\/h3><\/span>\n\t\t\t\t\t\t\t<span class='e-n-accordion-item-title-icon'>\n\t\t\t<span class='e-opened' ><svg aria-hidden=\"true\" class=\"e-font-icon-svg e-fas-minus\" viewBox=\"0 0 448 512\" xmlns=\"http:\/\/www.w3.org\/2000\/svg\"><path d=\"M416 208H32c-17.67 0-32 14.33-32 32v32c0 17.67 14.33 32 32 32h384c17.67 0 32-14.33 32-32v-32c0-17.67-14.33-32-32-32z\"><\/path><\/svg><\/span>\n\t\t\t<span class='e-closed'><svg aria-hidden=\"true\" class=\"e-font-icon-svg e-fas-plus\" viewBox=\"0 0 448 512\" xmlns=\"http:\/\/www.w3.org\/2000\/svg\"><path d=\"M416 208H272V64c0-17.67-14.33-32-32-32h-32c-17.67 0-32 14.33-32 32v144H32c-17.67 0-32 14.33-32 32v32c0 17.67 14.33 32 32 32h144v144c0 17.67 14.33 32 32 32h32c17.67 0 32-14.33 32-32V304h144c17.67 0 32-14.33 32-32v-32c0-17.67-14.33-32-32-32z\"><\/path><\/svg><\/span>\n\t\t<\/span>\n\n\t\t\t\t\t\t<\/summary>\n\t\t\t\t<div role=\"region\" aria-labelledby=\"e-n-accordion-item-2386\" class=\"elementor-element elementor-element-f903f08 e-con-full e-flex e-con e-child\" data-id=\"f903f08\" data-element_type=\"container\" data-e-type=\"container\" data-settings=\"{&quot;jet_parallax_layout_list&quot;:[]}\">\n\t\t\t\t<div class=\"elementor-element elementor-element-73fc0ee elementor-widget elementor-widget-text-editor\" data-id=\"73fc0ee\" data-element_type=\"widget\" data-e-type=\"widget\" data-widget_type=\"text-editor.default\">\n\t\t\t\t<div class=\"elementor-widget-container\">\n\t\t\t\t\t\t\t\t\t<p class=\"\" data-start=\"1748\" data-end=\"1949\">En este <strong data-start=\"2663\" data-end=\"2708\">colegio alem\u00e1n internacional en Barcelona<\/strong>, se utilizan iPads y herramientas digitales especialmente en Primaria y Secundaria. ZSB ha desarrollado una Estrategia Digital de Centro para incorporar la tecnolog\u00eda de forma efectiva en el aprendizaje.<\/p>\t\t\t\t\t\t\t\t<\/div>\n\t\t\t\t<\/div>\n\t\t\t\t<\/div>\n\t\t\t\t\t<\/details>\n\t\t\t\t\t<\/div>\n\t\t\t\t\t<script type=\"application\/ld+json\">{\"@context\":\"https:\\\/\\\/schema.org\",\"@type\":\"FAQPage\",\"mainEntity\":[{\"@type\":\"Question\",\"name\":\"\\u00bfCu\\u00e1l es el idioma principal de ense\\u00f1anza en el colegio alem\\u00e1n internacional ZSB en Barcelona?\",\"acceptedAnswer\":{\"@type\":\"Answer\",\"text\":\"El alem\\u00e1n es la lengua vehicular en todas las etapas educativas del colegio alem\\u00e1n ZSB, desde Infantil hasta Secundaria. Se promueve una inmersi\\u00f3n completa en alem\\u00e1n, complementada con la ense\\u00f1anza progresiva de espa\\u00f1ol, catal\\u00e1n e ingl\\u00e9s. Al finalizar la etapa escolar, los alumnos alcanzan un nivel C1 en alem\\u00e1n y al menos un B2 en ingl\\u00e9s, certificados por el Goethe-Institut y Trinity College London, respectivamente.\"}},{\"@type\":\"Question\",\"name\":\"\\u00bfEs necesario que mi hijo hable alem\\u00e1n o espa\\u00f1ol para ser admitido en el colegio alem\\u00e1n ZSB?\",\"acceptedAnswer\":{\"@type\":\"Answer\",\"text\":\"Para ingresar a partir de 1\\u00ba de Primaria en nuestro colegio alem\\u00e1n internacional en Barcelona, se requiere un conocimiento b\\u00e1sico de alem\\u00e1n y espa\\u00f1ol. Si el estudiante no dispone de estas competencias, podr\\u00e1 adquirirlas mediante cursos de inmersi\\u00f3n recomendados por la escuela. El colegio alem\\u00e1n ZSB ofrece apoyo ling\\u00fc\\u00edstico personalizado para facilitar la integraci\\u00f3n.\"}},{\"@type\":\"Question\",\"name\":\"\\u00bfQu\\u00e9 programas educativos ofrece el colegio alem\\u00e1n internacional ZSB?\",\"acceptedAnswer\":{\"@type\":\"Answer\",\"text\":\"El colegio alem\\u00e1n internacional ZSB en Barcelona implementa los programas del Bachillerato Internacional (IB), incluyendo el Programa de la Escuela Primaria (PEP) y el Programa de los A\\u00f1os Intermedios (PAI). Estos fomentan el pensamiento cr\\u00edtico, la indagaci\\u00f3n y una mentalidad global en los estudiantes.\"}},{\"@type\":\"Question\",\"name\":\"\\u00bfCu\\u00e1l es la edad m\\u00ednima para ingresar al colegio?\",\"acceptedAnswer\":{\"@type\":\"Answer\",\"text\":\"El colegio alem\\u00e1n ZSB acepta alumnos desde los 2 a\\u00f1os en el nivel KleinesZ\\u00fcrich. A partir de los 3 a\\u00f1os, los ni\\u00f1os ingresan a Educaci\\u00f3n Infantil, donde se inicia su inmersi\\u00f3n ling\\u00fc\\u00edstica en alem\\u00e1n.\\u00a0\"}},{\"@type\":\"Question\",\"name\":\"\\u00bfCu\\u00e1ntos alumnos hay por clase en el colegio alem\\u00e1n ZSB?\",\"acceptedAnswer\":{\"@type\":\"Answer\",\"text\":\"El colegio alem\\u00e1n internacional en Barcelona ZSB mantiene grupos reducidos para asegurar una atenci\\u00f3n personalizada. En promedio, hay entre 22 y 24 estudiantes por clase, mientras que en Educaci\\u00f3n Infantil los grupos son de 10 a 12 alumnos con dos educadores por nivel.\"}},{\"@type\":\"Question\",\"name\":\"\\u00bfQu\\u00e9 actividades extracurriculares ofrece este colegio alem\\u00e1n en Barcelona?\",\"acceptedAnswer\":{\"@type\":\"Answer\",\"text\":\"El colegio alem\\u00e1n ZSB acepta alumnos desde los 2 a\\u00f1os en el nivel KleinesZ\\u00fcrich. A partir de los 3 a\\u00f1os, los ni\\u00f1os ingresan a Educaci\\u00f3n Infantil, donde se inicia su inmersi\\u00f3n ling\\u00fc\\u00edstica en alem\\u00e1n.\\u00a0\"}},{\"@type\":\"Question\",\"name\":\"\\u00bfC\\u00f3mo se integra la tecnolog\\u00eda en el colegio alem\\u00e1n ZSB?\",\"acceptedAnswer\":{\"@type\":\"Answer\",\"text\":\"En este colegio alem\\u00e1n internacional en Barcelona, se utilizan iPads y herramientas digitales especialmente en Primaria y Secundaria. ZSB ha desarrollado una Estrategia Digital de Centro para incorporar la tecnolog\\u00eda de forma efectiva en el aprendizaje.\"}}]}<\/script>\n\t\t\t\t\t\t\t<\/div>\n\t\t\t\t<\/div>\n\t\t\t\t<\/div>\n\t\t\t\t\t<\/div>\n\t\t\t\t<\/div>\n\t\t\t\t<\/div>\n\t\t","protected":false},"excerpt":{"rendered":"<p>Servicios Transporte escolar Comedor Actividades extraescolares Nuestra escuela, contada por quienes la viven \u00bfSe puede describir una escuela en una sola palabra? Nosotros creemos que s\u00ed. En este video especial, alumnos, profesores y exalumnos del Colegio Alem\u00e1n Internacional en Barcelona comparten lo que esta escuela significa para ellos.\u00a0 Estas voces cuentan m\u00e1s que cualquier folleto. [&hellip;]<\/p>\n","protected":false},"author":1,"featured_media":36,"parent":0,"menu_order":1,"comment_status":"closed","ping_status":"closed","template":"elementor_header_footer","meta":{"footnotes":""},"class_list":["post-3233","page","type-page","status-publish","has-post-thumbnail","hentry"],"_links":{"self":[{"href":"https:\/\/zsbarcelona.com\/ca\/wp-json\/wp\/v2\/pages\/3233","targetHints":{"allow":["GET"]}}],"collection":[{"href":"https:\/\/zsbarcelona.com\/ca\/wp-json\/wp\/v2\/pages"}],"about":[{"href":"https:\/\/zsbarcelona.com\/ca\/wp-json\/wp\/v2\/types\/page"}],"author":[{"embeddable":true,"href":"https:\/\/zsbarcelona.com\/ca\/wp-json\/wp\/v2\/users\/1"}],"replies":[{"embeddable":true,"href":"https:\/\/zsbarcelona.com\/ca\/wp-json\/wp\/v2\/comments?post=3233"}],"version-history":[{"count":37,"href":"https:\/\/zsbarcelona.com\/ca\/wp-json\/wp\/v2\/pages\/3233\/revisions"}],"predecessor-version":[{"id":3579,"href":"https:\/\/zsbarcelona.com\/ca\/wp-json\/wp\/v2\/pages\/3233\/revisions\/3579"}],"wp:featuredmedia":[{"embeddable":true,"href":"https:\/\/zsbarcelona.com\/ca\/wp-json\/wp\/v2\/media\/36"}],"wp:attachment":[{"href":"https:\/\/zsbarcelona.com\/ca\/wp-json\/wp\/v2\/media?parent=3233"}],"curies":[{"name":"wp","href":"https:\/\/api.w.org\/{rel}","templated":true}]}}